{"version":"1.0","provider_name":"Rektor Anders S\u00f6derholms blogg","provider_url":"https:\/\/www.kth.se\/blogs\/rektor","author_name":"Anders S\u00f6derholm","title":"Inspirerande f\u00f6rebilder och finansieringsmodeller - Rektor Anders S\u00f6derholms blogg","type":"rich","width":600,"height":338,"html":"<blockquote class=\"wp-embedded-content\" data-secret=\"U4LdgCSzdY\"><a href=\"https:\/\/www.kth.se\/blogs\/rektor\/2024\/04\/inspirerande-forebilder-och-finansieringsmodeller\/\">Inspirerande f\u00f6rebilder och finansieringsmodeller<\/a><\/blockquote><iframe sandbox=\"allow-scripts\" security=\"restricted\" src=\"https:\/\/www.kth.se\/blogs\/rektor\/2024\/04\/inspirerande-forebilder-och-finansieringsmodeller\/embed\/#?secret=U4LdgCSzdY\" width=\"600\" height=\"338\" title=\"\u201dInspirerande f\u00f6rebilder och finansieringsmodeller\u201d &ndash; Rektor Anders S\u00f6derholms blogg\" data-secret=\"U4LdgCSzdY\" frameborder=\"0\" marginwidth=\"0\" marginheight=\"0\" scrolling=\"no\" class=\"wp-embedded-content\"><\/iframe><script type=\"text\/javascript\">\n\/* <![CDATA[ *\/\n\/*! This file is auto-generated *\/\n!function(d,l){\"use strict\";l.querySelector&&d.addEventListener&&\"undefined\"!=typeof URL&&(d.wp=d.wp||{},d.wp.receiveEmbedMessage||(d.wp.receiveEmbedMessage=function(e){var t=e.data;if((t||t.secret||t.message||t.value)&&!\/[^a-zA-Z0-9]\/.test(t.secret)){for(var s,r,n,a=l.querySelectorAll('iframe[data-secret=\"'+t.secret+'\"]'),o=l.querySelectorAll('blockquote[data-secret=\"'+t.secret+'\"]'),c=new RegExp(\"^https?:$\",\"i\"),i=0;i<o.length;i++)o[i].style.display=\"none\";for(i=0;i<a.length;i++)s=a[i],e.source===s.contentWindow&&(s.removeAttribute(\"style\"),\"height\"===t.message?(1e3<(r=parseInt(t.value,10))?r=1e3:~~r<200&&(r=200),s.height=r):\"link\"===t.message&&(r=new URL(s.getAttribute(\"src\")),n=new URL(t.value),c.test(n.protocol))&&n.host===r.host&&l.activeElement===s&&(d.top.location.href=t.value))}},d.addEventListener(\"message\",d.wp.receiveEmbedMessage,!1),l.addEventListener(\"DOMContentLoaded\",function(){for(var e,t,s=l.querySelectorAll(\"iframe.wp-embedded-content\"),r=0;r<s.length;r++)(t=(e=s[r]).getAttribute(\"data-secret\"))||(t=Math.random().toString(36).substring(2,12),e.src+=\"#?secret=\"+t,e.setAttribute(\"data-secret\",t)),e.contentWindow.postMessage({message:\"ready\",secret:t},\"*\")},!1)))}(window,document);\n\/\/# sourceURL=https:\/\/www.kth.se\/blogs\/rektor\/wp-includes\/js\/wp-embed.min.js\n\/* ]]> *\/\n<\/script>\n","description":"Schweiz och Nederl\u00e4nderna lyfts ofta upp som f\u00f6rebilder n\u00e4r olika fr\u00e5gor inom universitetssektorn kommer p\u00e5 tal, till exempel n\u00e4r det g\u00e4ller forskningsprestationer, institutionell autonomi, kvalitetssystem, finansiering eller ansvarsfull internationalisering. Jag har haft m\u00f6jlighet att bes\u00f6ka tekniska universitet i b\u00e5da dessa l\u00e4nder vid ett par tillf\u00e4llen under v\u00e5ren och i fjol. Det \u00e4r alltid sv\u00e5rt att [&hellip;]"}